{"id":6598,"date":"2022-07-19T09:48:34","date_gmt":"2022-07-19T07:48:34","guid":{"rendered":"https:\/\/www.levoyageurmediterraneen.com\/contacts\/"},"modified":"2023-12-13T11:22:47","modified_gmt":"2023-12-13T10:22:47","slug":"contatti","status":"publish","type":"page","link":"https:\/\/www.levoyageurmediterraneen.com\/it\/contatti\/","title":{"rendered":"Contatti"},"content":{"rendered":"\n<!-- SPACER -->\n<div   class=\"spacer l-margin \">\n  &nbsp;<\/div>\n<!-- \/\/ SPACER -->\n\n\n\n<h2 class=\"wp-block-heading\">Contatto diretto <\/h2>\n\n\n\n<p>Se volete contattarci direttamente, ecco come fare:<br><br>Telefono\/WhatsApp:\u00a0<a href=\"tel:+393337535095\">+39 333 75 35 095<\/a><br><br>Mail:\u00a0<a href=\"mailto:info@levoyageurmediterraneen.com\">info@levoyageurmediterraneen.com<\/a><br><\/p>\n\n\n\n<!-- SPACER -->\n<div   class=\"spacer s-margin \">\n  &nbsp;<\/div>\n<!-- \/\/ SPACER -->\n\n\n\n<p>Oppure riempiendo il formulario che trovate qui di seguito.\u00a0<\/p>\n\n\n\n<!-- SPACER -->\n<div   class=\"spacer s-margin \">\n  &nbsp;<\/div>\n<!-- \/\/ SPACER -->\n\n\n\n<p>Vi risponderemo nelle<strong> 24\/48 ore <\/strong>(giorni lavorativi)<\/p>\n\n\n\n<!-- SPACER -->\n<div   class=\"spacer l-margin \">\n  &nbsp;<\/div>\n<!-- \/\/ SPACER -->\n\n\n<\/div>\n<!-- FORM -->\n<div class=\"block-contact-form \">\n    <div class=\"block-contact-form__container container\">\n\n\t\t\t\n<div class=\"wpcf7 no-js\" id=\"wpcf7-f11756-o1\" lang=\"it-IT\" dir=\"ltr\" data-wpcf7-id=\"11756\">\n<div class=\"screen-reader-response\"><p role=\"status\" aria-live=\"polite\" aria-atomic=\"true\"><\/p> <ul><\/ul><\/div>\n<form action=\"\/it\/wp-json\/wp\/v2\/pages\/6598#wpcf7-f11756-o1\" method=\"post\" class=\"wpcf7-form init\" aria-label=\"Modulo di contatto\" novalidate=\"novalidate\" data-status=\"init\">\n<fieldset class=\"hidden-fields-container\"><input type=\"hidden\" name=\"_wpcf7\" value=\"11756\" \/><input type=\"hidden\" name=\"_wpcf7_version\" value=\"6.1.5\" \/><input type=\"hidden\" name=\"_wpcf7_locale\" value=\"it_IT\" \/><input type=\"hidden\" name=\"_wpcf7_unit_tag\" value=\"wpcf7-f11756-o1\" \/><input type=\"hidden\" name=\"_wpcf7_container_post\" value=\"0\" \/><input type=\"hidden\" name=\"_wpcf7_posted_data_hash\" value=\"\" \/><input type=\"hidden\" name=\"_wpcf7_recaptcha_response\" value=\"\" \/>\n<\/fieldset>\n<div class=\"form\">\n\t<div class=\"box-columns flex input-box\">\n\t\t<div class=\"form-item\">\n\t\t\t<p><label for=\"nome\"><span class=\"label-text\">Nome*<\/span> <span class=\"wpcf7-form-control-wrap\" data-name=\"nome\"><input size=\"40\" maxlength=\"400\" class=\"wpcf7-form-control wpcf7-text wpcf7-validates-as-required\" id=\"nome\" aria-required=\"true\" aria-invalid=\"false\" value=\"\" type=\"text\" name=\"nome\" \/><\/span><\/label>\n\t\t\t<\/p>\n\t\t<\/div>\n\t\t<div class=\"form-item\">\n\t\t\t<p><label for=\"cognome\"><span class=\"label-text\">Cognome*<\/span> <span class=\"wpcf7-form-control-wrap\" data-name=\"cognome\"><input size=\"40\" maxlength=\"400\" class=\"wpcf7-form-control wpcf7-text wpcf7-validates-as-required\" id=\"cognome\" aria-required=\"true\" aria-invalid=\"false\" value=\"\" type=\"text\" name=\"cognome\" \/><\/span><\/label>\n\t\t\t<\/p>\n\t\t<\/div>\n\t<\/div>\n\t<div class=\"box-columns flex input-box\">\n\t\t<div class=\"form-item\">\n\t\t\t<p><label for=\"email\"><span class=\"label-text\">Email*<\/span> <span class=\"wpcf7-form-control-wrap\" data-name=\"email\"><input size=\"40\" maxlength=\"400\" class=\"wpcf7-form-control wpcf7-email wpcf7-validates-as-required wpcf7-text wpcf7-validates-as-email\" id=\"email\" aria-required=\"true\" aria-invalid=\"false\" value=\"\" type=\"email\" name=\"email\" \/><\/span><\/label>\n\t\t\t<\/p>\n\t\t<\/div>\n\t\t<div class=\"form-item\">\n\t\t\t<p><label for=\"tel\"><span class=\"label-text\">Telefono*<\/span> <span class=\"wpcf7-form-control-wrap\" data-name=\"tel\"><input size=\"40\" maxlength=\"400\" class=\"wpcf7-form-control wpcf7-tel wpcf7-validates-as-required wpcf7-text wpcf7-validates-as-tel\" id=\"tel\" aria-required=\"true\" aria-invalid=\"false\" value=\"\" type=\"tel\" name=\"tel\" \/><\/span><\/label>\n\t\t\t<\/p>\n\t\t<\/div>\n\t<\/div>\n\t<div class=\"box-columns flex input-box\">\n\t\t<div class=\"form-item\">\n\t\t\t<p><label for=\"messaggio\"><span class=\"label-text\">Messaggio*<\/span> <span class=\"wpcf7-form-control-wrap\" data-name=\"messaggio\"><textarea cols=\"40\" rows=\"6\" maxlength=\"2000\" class=\"wpcf7-form-control wpcf7-textarea wpcf7-validates-as-required\" id=\"messaggio\" aria-required=\"true\" aria-invalid=\"false\" name=\"messaggio\"><\/textarea><\/span><\/label>\n\t\t\t<\/p>\n\t\t<\/div>\n\t<\/div>\n\t<div class=\"box-columns flex flex-wrap\">\n\t\t<div class=\"col-12 required\">\n\t\t\t<p>*Campi obbligatori\n\t\t\t<\/p>\n\t\t<\/div>\n\t<\/div>\n\t<div class=\"box-columns box-acceptance\">\n\t\t<div class=\"col-12\">\n\t\t\t<div class=\"dichiarazione_consenso\">\n\t\t\t\t<div class=\"form-item\">\n\t\t\t\t\t<p><span class=\"title-dichiarazione\">Dichiarazione di consenso<\/span>\n\t\t\t\t\t<\/p>\n\t\t\t\t<\/div>\n\t\t\t\t<div class=\"im-accordion-form\">\n\t\t\t\t\t<div class=\"im-accordion__toggle flex justify-content-between align-items-center\" data-accordion=\"dichiarazione-accordion\" data-group=\"contact-group-1\" data-close=\"true\">\n\t\t\t\t\t\t<div class=\"im-accordion__title\">\n\t\t\t\t\t\t\t<p><u>Letta l&#8217;informativa:<\/u>\n\t\t\t\t\t\t\t<\/p>\n\t\t\t\t\t\t<\/div>\n\t\t\t\t\t\t<div class=\"im-accordion__icon icon-close\">\n\t\t\t\t\t\t\t<p><svg xmlns=\"http:\/\/www.w3.org\/2000\/svg\" xmlns:xlink=\"http:\/\/www.w3.org\/1999\/xlink\" shape-rendering=\"geometricPrecision\" class=\"close\"><use xlink:href=\"https:\/\/www.levoyageurmediterraneen.com\/\/wp-content\/themes\/levoyageurmediterraneen.com\/assets\/build\/spritemap.svg#ico_plus\"><\/use><\/svg><svg xmlns=\"http:\/\/www.w3.org\/2000\/svg\" xmlns:xlink=\"http:\/\/www.w3.org\/1999\/xlink\" shape-rendering=\"geometricPrecision\" class=\"open\"><use xlink:href=\"https:\/\/www.levoyageurmediterraneen.com\/\/wp-content\/themes\/levoyageurmediterraneen.com\/assets\/build\/spritemap.svg#ico_minus\"><\/use><\/svg>\n\t\t\t\t\t\t\t<\/p>\n\t\t\t\t\t\t<\/div>\n\t\t\t\t\t<\/div>\n\t\t\t\t\t<div class=\"im-accordion__content\" data-accordion=\"dichiarazione-accordion\">\n\t\t\t\t\t\t<div data-wrapper-height=\"\">\n\t\t\t\t\t\t\t<p><strong>INFORMATIVA ART. 13 Regolamento UE 2016\/679 (\u201cGDPR\u201d):<\/strong>&nbsp;I dati personali raccolti all\u2019interno della presente pagina web saranno trattati in formato cartaceo ed elettronico per le seguenti finalit\u00e0:\n\t\t\t\t\t\t\t<\/p>\n\t\t\t\t\t\t\t<p>a) Per dare esecuzione alla sua richiesta d\u2019informazioni relativamente ai ns prodotti o per ricevere informazioni sui nostri rivenditori;\n\t\t\t\t\t\t\t<\/p>\n\t\t\t\t\t\t\t<p>b) per l\u2019invio di comunicazioni informative e commerciali, anche di natura promozionale (ivi compresa la nostra newsletter), di materiale pubblicitario e\/o di offerte di beni e di servizi, con qualsiasi mezzo (conosciuto o non), ivi compreso, a titolo esemplificativo e non esaustivo, posta, Internet, telefono, E-mail, MMS, SMS. ecc\n\t\t\t\t\t\t\t<\/p>\n\t\t\t\t\t\t\t<p>La natura del conferimento dei suoi dati per la finalit\u00e0 di cui al punto a) \u00e8 necessaria per poter soddisfare la sua richiesta di informazioni, dove un suo eventuale rifiuto potrebbe pregiudicare tale possibilit\u00e0; mentre per le finalit\u00e0 di cui al punto b) il conferimento dei vs dati \u00e8 facoltativo, dove un diniego non avr\u00e0 alcuna conseguenza in relazione alla finalit\u00e0 di cui al punto a). Tali dati saranno trattati da personale interno, comunicati esclusivamente a soggetti autorizzati, e non saranno oggetto di diffusione. Relativamente ai dati conferiti, potrete esercitare i diritti previsti dall\u2019articolo 7, inviando apposita istanza scritta al Titolare del Trattamento: Le Voyageur M\u00e9diterran\u00e9en \u2013 P.IVA: 06373990826 \u2013 C.F. LMBLVI75L63D612E \u2013 E-mail: info@levoyageurmediterraneen.com \u2013 Telefono: +39 3337535095\n\t\t\t\t\t\t\t<\/p>\n\t\t\t\t\t\t<\/div>\n\t\t\t\t\t<\/div>\n\t\t\t\t<\/div>\n\t\t\t<\/div>\n\t\t\t<div class=\"form-item radios--wrapper\">\n\t\t\t\t<legend><br \/>\n<span class=\"fieldset-legend js-form-required form-required\">Acconsento che i dati personali vengano utilizzati per le finalit\u00e0 di cui al punto a) (richiesta di informazioni)*<br \/>\n<\/span>\n\t\t\t\t<\/legend>\n\t\t\t\t<div class=\"fieldset-wrapper\">\n\t\t\t\t\t<p><span class=\"wpcf7-form-control-wrap\" data-name=\"acceptance-a\"><span class=\"wpcf7-form-control wpcf7-radio\"><span class=\"wpcf7-list-item first\"><label><input type=\"radio\" name=\"acceptance-a\" value=\"Si\" \/><span class=\"wpcf7-list-item-label\">Si<\/span><\/label><\/span><span class=\"wpcf7-list-item last\"><label><input type=\"radio\" name=\"acceptance-a\" value=\"No\" \/><span class=\"wpcf7-list-item-label\">No<\/span><\/label><\/span><\/span><\/span>\n\t\t\t\t\t<\/p>\n\t\t\t\t<\/div>\n\t\t\t<\/div>\n\t\t\t<div class=\"form-item radios--wrapper\">\n\t\t\t\t<legend><br \/>\n<span class=\"fieldset-legend js-form-required form-required\">Acconsento che i dati personali vengano utilizzati per le finalit\u00e0 di cui al punto b)*<br \/>\n<\/span>\n\t\t\t\t<\/legend>\n\t\t\t\t<div class=\"fieldset-wrapper\">\n\t\t\t\t\t<p><span class=\"wpcf7-form-control-wrap\" data-name=\"acceptance-b\"><span class=\"wpcf7-form-control wpcf7-radio\"><span class=\"wpcf7-list-item first\"><label><input type=\"radio\" name=\"acceptance-b\" value=\"Si\" \/><span class=\"wpcf7-list-item-label\">Si<\/span><\/label><\/span><span class=\"wpcf7-list-item last\"><label><input type=\"radio\" name=\"acceptance-b\" value=\"No\" \/><span class=\"wpcf7-list-item-label\">No<\/span><\/label><\/span><\/span><\/span>\n\t\t\t\t\t<\/p>\n\t\t\t\t<\/div>\n\t\t\t<\/div>\n\t\t<\/div>\n\t<\/div>\n\t<div class=\"box-columns flex flex-wrap\">\n\t\t<div class=\"col-12\">\n\t\t\t<div class=\"form-actions\">\n\t\t\t\t<p><input class=\"wpcf7-form-control wpcf7-submit has-spinner button secondary fill\" type=\"submit\" value=\"Invia\" \/>\n\t\t\t\t<\/p>\n\t\t\t<\/div>\n\t\t<\/div>\n\t<\/div>\n<\/div><div class=\"wpcf7-response-output\" aria-hidden=\"true\"><\/div>\n<\/form>\n<\/div>\n\t<\/div>\n<\/div>\n<!-- \/\/ FORM -->\n<div class=\"cms-content\">\n\n\n<!-- SPACER -->\n<div   class=\"spacer l-margin \">\n  &nbsp;<\/div>\n<!-- \/\/ SPACER -->\n\n\n\n<p><\/p>\n","protected":false},"excerpt":{"rendered":"<p>Contatto diretto Se volete contattarci direttamente, ecco come fare: Telefono\/WhatsApp:\u00a0+39 [&hellip;]<\/p>\n","protected":false},"author":1,"featured_media":5677,"parent":0,"menu_order":27,"comment_status":"closed","ping_status":"closed","template":"","meta":{"_acf_changed":false,"footnotes":""},"class_list":["post-6598","page","type-page","status-publish","has-post-thumbnail","hentry"],"acf":[],"yoast_head":"<!-- This site is optimized with the Yoast SEO plugin v27.5 - https:\/\/yoast.com\/product\/yoast-seo-wordpress\/ -->\n<title>Contatti | Il Viaggiatore Mediterraneo<\/title>\n<meta name=\"description\" content=\"In questa pagina trovi i nostri contatti per ricevere informazioni sull&#039;organizzazione di viaggi su misura.\" \/>\n<meta name=\"robots\" content=\"index, follow, max-snippet:-1, max-image-preview:large, max-video-preview:-1\" \/>\n<link rel=\"canonical\" href=\"https:\/\/www.levoyageurmediterraneen.com\/it\/contatti\/\" \/>\n<meta property=\"og:locale\" content=\"it_IT\" \/>\n<meta property=\"og:type\" content=\"article\" \/>\n<meta property=\"og:title\" content=\"Contatti | Il Viaggiatore Mediterraneo\" \/>\n<meta property=\"og:description\" content=\"In questa pagina trovi i nostri contatti per ricevere informazioni sull&#039;organizzazione di viaggi su misura.\" \/>\n<meta property=\"og:url\" content=\"https:\/\/www.levoyageurmediterraneen.com\/it\/contatti\/\" \/>\n<meta property=\"og:site_name\" content=\"Il Viaggiatore Mediterraneo\" \/>\n<meta property=\"article:publisher\" content=\"https:\/\/www.facebook.com\/levoyageurmediterraneen\/\" \/>\n<meta property=\"article:modified_time\" content=\"2023-12-13T10:22:47+00:00\" \/>\n<meta property=\"og:image\" content=\"https:\/\/levoyageurmediterraneen-com.cdn-immedia.net\/wp-content\/uploads\/2022\/07\/og-image-it.png\" \/>\n\t<meta property=\"og:image:width\" content=\"1920\" \/>\n\t<meta property=\"og:image:height\" content=\"1280\" \/>\n\t<meta property=\"og:image:type\" content=\"image\/png\" \/>\n<meta name=\"twitter:card\" content=\"summary_large_image\" \/>\n<meta name=\"twitter:site\" content=\"@VMediterraneen\" \/>\n<meta name=\"twitter:label1\" content=\"Tempo di lettura stimato\" \/>\n\t<meta name=\"twitter:data1\" content=\"1 minuto\" \/>\n<script type=\"application\/ld+json\" class=\"yoast-schema-graph\">{\"@context\":\"https:\\\/\\\/schema.org\",\"@graph\":[{\"@type\":[\"WebPage\",\"ContactPage\"],\"@id\":\"https:\\\/\\\/www.levoyageurmediterraneen.com\\\/it\\\/contatti\\\/\",\"url\":\"https:\\\/\\\/www.levoyageurmediterraneen.com\\\/it\\\/contatti\\\/\",\"name\":\"Contatti | Il Viaggiatore Mediterraneo\",\"isPartOf\":{\"@id\":\"https:\\\/\\\/www.levoyageurmediterraneen.com\\\/it\\\/#website\"},\"primaryImageOfPage\":{\"@id\":\"https:\\\/\\\/www.levoyageurmediterraneen.com\\\/it\\\/contatti\\\/#primaryimage\"},\"image\":{\"@id\":\"https:\\\/\\\/www.levoyageurmediterraneen.com\\\/it\\\/contatti\\\/#primaryimage\"},\"thumbnailUrl\":\"https:\\\/\\\/www.levoyageurmediterraneen.com\\\/wp-content\\\/uploads\\\/2022\\\/07\\\/gian-luca-pilia-keEPKXQfriU-unsplash-1-1.png\",\"datePublished\":\"2022-07-19T07:48:34+00:00\",\"dateModified\":\"2023-12-13T10:22:47+00:00\",\"description\":\"In questa pagina trovi i nostri contatti per ricevere informazioni sull'organizzazione di viaggi su misura.\",\"breadcrumb\":{\"@id\":\"https:\\\/\\\/www.levoyageurmediterraneen.com\\\/it\\\/contatti\\\/#breadcrumb\"},\"inLanguage\":\"it-IT\",\"potentialAction\":[{\"@type\":\"ReadAction\",\"target\":[\"https:\\\/\\\/www.levoyageurmediterraneen.com\\\/it\\\/contatti\\\/\"]}]},{\"@type\":\"ImageObject\",\"inLanguage\":\"it-IT\",\"@id\":\"https:\\\/\\\/www.levoyageurmediterraneen.com\\\/it\\\/contatti\\\/#primaryimage\",\"url\":\"https:\\\/\\\/www.levoyageurmediterraneen.com\\\/wp-content\\\/uploads\\\/2022\\\/07\\\/gian-luca-pilia-keEPKXQfriU-unsplash-1-1.png\",\"contentUrl\":\"https:\\\/\\\/www.levoyageurmediterraneen.com\\\/wp-content\\\/uploads\\\/2022\\\/07\\\/gian-luca-pilia-keEPKXQfriU-unsplash-1-1.png\",\"width\":1920,\"height\":1280,\"caption\":\"Sardaigne\"},{\"@type\":\"BreadcrumbList\",\"@id\":\"https:\\\/\\\/www.levoyageurmediterraneen.com\\\/it\\\/contatti\\\/#breadcrumb\",\"itemListElement\":[{\"@type\":\"ListItem\",\"position\":1,\"name\":\"Home\",\"item\":\"https:\\\/\\\/www.levoyageurmediterraneen.com\\\/it\\\/\"},{\"@type\":\"ListItem\",\"position\":2,\"name\":\"Contatti\"}]},{\"@type\":\"WebSite\",\"@id\":\"https:\\\/\\\/www.levoyageurmediterraneen.com\\\/it\\\/#website\",\"url\":\"https:\\\/\\\/www.levoyageurmediterraneen.com\\\/it\\\/\",\"name\":\"Il Viaggiatore Mediterraneo\",\"description\":\"\",\"potentialAction\":[{\"@type\":\"SearchAction\",\"target\":{\"@type\":\"EntryPoint\",\"urlTemplate\":\"https:\\\/\\\/www.levoyageurmediterraneen.com\\\/it\\\/?s={search_term_string}\"},\"query-input\":{\"@type\":\"PropertyValueSpecification\",\"valueRequired\":true,\"valueName\":\"search_term_string\"}}],\"inLanguage\":\"it-IT\"}]}<\/script>\n<!-- \/ Yoast SEO plugin. -->","yoast_head_json":{"title":"Contatti | Il Viaggiatore Mediterraneo","description":"In questa pagina trovi i nostri contatti per ricevere informazioni sull'organizzazione di viaggi su misura.","robots":{"index":"index","follow":"follow","max-snippet":"max-snippet:-1","max-image-preview":"max-image-preview:large","max-video-preview":"max-video-preview:-1"},"canonical":"https:\/\/www.levoyageurmediterraneen.com\/it\/contatti\/","og_locale":"it_IT","og_type":"article","og_title":"Contatti | Il Viaggiatore Mediterraneo","og_description":"In questa pagina trovi i nostri contatti per ricevere informazioni sull'organizzazione di viaggi su misura.","og_url":"https:\/\/www.levoyageurmediterraneen.com\/it\/contatti\/","og_site_name":"Il Viaggiatore Mediterraneo","article_publisher":"https:\/\/www.facebook.com\/levoyageurmediterraneen\/","article_modified_time":"2023-12-13T10:22:47+00:00","og_image":[{"width":1920,"height":1280,"url":"https:\/\/levoyageurmediterraneen-com.cdn-immedia.net\/wp-content\/uploads\/2022\/07\/og-image-it.png","type":"image\/png"}],"twitter_card":"summary_large_image","twitter_site":"@VMediterraneen","twitter_misc":{"Tempo di lettura stimato":"1 minuto"},"schema":{"@context":"https:\/\/schema.org","@graph":[{"@type":["WebPage","ContactPage"],"@id":"https:\/\/www.levoyageurmediterraneen.com\/it\/contatti\/","url":"https:\/\/www.levoyageurmediterraneen.com\/it\/contatti\/","name":"Contatti | Il Viaggiatore Mediterraneo","isPartOf":{"@id":"https:\/\/www.levoyageurmediterraneen.com\/it\/#website"},"primaryImageOfPage":{"@id":"https:\/\/www.levoyageurmediterraneen.com\/it\/contatti\/#primaryimage"},"image":{"@id":"https:\/\/www.levoyageurmediterraneen.com\/it\/contatti\/#primaryimage"},"thumbnailUrl":"https:\/\/levoyageurmediterraneen-com.cdn-immedia.net\/wp-content\/uploads\/2022\/07\/gian-luca-pilia-keEPKXQfriU-unsplash-1-1.png","datePublished":"2022-07-19T07:48:34+00:00","dateModified":"2023-12-13T10:22:47+00:00","description":"In questa pagina trovi i nostri contatti per ricevere informazioni sull'organizzazione di viaggi su misura.","breadcrumb":{"@id":"https:\/\/www.levoyageurmediterraneen.com\/it\/contatti\/#breadcrumb"},"inLanguage":"it-IT","potentialAction":[{"@type":"ReadAction","target":["https:\/\/www.levoyageurmediterraneen.com\/it\/contatti\/"]}]},{"@type":"ImageObject","inLanguage":"it-IT","@id":"https:\/\/www.levoyageurmediterraneen.com\/it\/contatti\/#primaryimage","url":"https:\/\/levoyageurmediterraneen-com.cdn-immedia.net\/wp-content\/uploads\/2022\/07\/gian-luca-pilia-keEPKXQfriU-unsplash-1-1.png","contentUrl":"https:\/\/levoyageurmediterraneen-com.cdn-immedia.net\/wp-content\/uploads\/2022\/07\/gian-luca-pilia-keEPKXQfriU-unsplash-1-1.png","width":1920,"height":1280,"caption":"Sardaigne"},{"@type":"BreadcrumbList","@id":"https:\/\/www.levoyageurmediterraneen.com\/it\/contatti\/#breadcrumb","itemListElement":[{"@type":"ListItem","position":1,"name":"Home","item":"https:\/\/www.levoyageurmediterraneen.com\/it\/"},{"@type":"ListItem","position":2,"name":"Contatti"}]},{"@type":"WebSite","@id":"https:\/\/www.levoyageurmediterraneen.com\/it\/#website","url":"https:\/\/www.levoyageurmediterraneen.com\/it\/","name":"Il Viaggiatore Mediterraneo","description":"","potentialAction":[{"@type":"SearchAction","target":{"@type":"EntryPoint","urlTemplate":"https:\/\/www.levoyageurmediterraneen.com\/it\/?s={search_term_string}"},"query-input":{"@type":"PropertyValueSpecification","valueRequired":true,"valueName":"search_term_string"}}],"inLanguage":"it-IT"}]}},"_links":{"self":[{"href":"https:\/\/www.levoyageurmediterraneen.com\/it\/wp-json\/wp\/v2\/pages\/6598","targetHints":{"allow":["GET"]}}],"collection":[{"href":"https:\/\/www.levoyageurmediterraneen.com\/it\/wp-json\/wp\/v2\/pages"}],"about":[{"href":"https:\/\/www.levoyageurmediterraneen.com\/it\/wp-json\/wp\/v2\/types\/page"}],"author":[{"embeddable":true,"href":"https:\/\/www.levoyageurmediterraneen.com\/it\/wp-json\/wp\/v2\/users\/1"}],"replies":[{"embeddable":true,"href":"https:\/\/www.levoyageurmediterraneen.com\/it\/wp-json\/wp\/v2\/comments?post=6598"}],"version-history":[{"count":18,"href":"https:\/\/www.levoyageurmediterraneen.com\/it\/wp-json\/wp\/v2\/pages\/6598\/revisions"}],"predecessor-version":[{"id":11770,"href":"https:\/\/www.levoyageurmediterraneen.com\/it\/wp-json\/wp\/v2\/pages\/6598\/revisions\/11770"}],"wp:featuredmedia":[{"embeddable":true,"href":"https:\/\/www.levoyageurmediterraneen.com\/it\/wp-json\/wp\/v2\/media\/5677"}],"wp:attachment":[{"href":"https:\/\/www.levoyageurmediterraneen.com\/it\/wp-json\/wp\/v2\/media?parent=6598"}],"curies":[{"name":"wp","href":"https:\/\/api.w.org\/{rel}","templated":true}]}}